{"id":18655,"date":"2023-01-17T08:20:47","date_gmt":"2023-01-17T07:20:47","guid":{"rendered":"https:\/\/www.gdirekt.se\/?post_type=product&#038;p=18655"},"modified":"2023-01-20T09:53:02","modified_gmt":"2023-01-20T08:53:02","slug":"reklametelt","status":"publish","type":"product","link":"https:\/\/www.gdirekt.se\/da\/produkt\/reklametelt\/","title":{"rendered":"Reklametelt"},"content":{"rendered":"<p>Reklameteltet er f\u00f8rst og fremmest til event og andre aktiviteter. Det er et pop-up telt og det er meget nemt at ops\u00e6tte. Reklametelte kaldes ogs\u00e5 pavilloner eller partytelte. <strong>Der indg\u00e5r altid et tag i grundprisen. Efterf\u00f8lgende kan du separat bestille sider\/v\u00e6gge samt tilbeh\u00f8r.<\/strong><\/p>\n<p>Det stabile teltsystem anvendes som branding til messer og andre events.<\/p>\n<p>&nbsp;<\/p>\n<p>Reklameteltet findes i 3 forskellige st\u00f8rrelser:<\/p>\n<ol>\n<li>3 x 3 meter<\/li>\n<li>4,5 x 3 meter<\/li>\n<li>6 x 3 meter<\/li>\n<\/ol>\n<p>Man kan v\u00e6lge tag og v\u00e6gge i tre standard farver. Hvid, r\u00f8d eller sort, eller med dit eget motiv i farver.<\/p>\n<p>Reklameteltets tag og v\u00e6gge leveres i det regn sikre materiale Coated PVC 450 Denim.<\/p>\n<p>V\u00e6lger man at f\u00e5 printet tag og v\u00e6gge, er leveringstid cirka 3 uger. Standardfarver kan leveres hurtigere.<\/p>\n<p>Som tilbeh\u00f8r kan du tilk\u00f8be v\u00e6gtklodser i to dele, som vejer 15 kg i alt. Der er ydermere mulighed for at k\u00f8be en transporttaske p\u00e5 hjul som findes til alle st\u00f8rrelser af reklameteltet.<\/p>\n<p>Det tager cirka 30 minutter at samle et reklametelt inklusiv tag og sider. Fordelen er at man kan v\u00e6lge et eventtelt med tag, med eller uden v\u00e6gge.<\/p>\n<p>Se her flere af vores\u00a0<a href=\"https:\/\/www.gdirekt.se\/produkt-kategori\/utomhusskylt-och-expo\/\"><strong><em>udvalgte standard produkter<\/em><\/strong><\/a>\u00a0til event og udsmykning udend\u00f8rs!<\/p>\n<p>\u00d8nsker du inspiration eller s\u00f8ger du andre produkter, s\u00e5 kontakt os p\u00e5\u00a0<a href=\"mailto:info@gdirekt.se\"><strong><em>info@gdirekt.se<\/em><\/strong><\/a>\u00a0eller telefon 011-252515<\/p>\n<p>Et reklametelt er et smart valg for dine reklamebudskaber eller information, n\u00e5r du vil ses i folkem\u00e6ngden. Har du brug for permanente budskaber, i form af skilte, s\u00e5 har vi alle modeller ved vores brand <a href=\"https:\/\/shop.svasab.se\/\"><strong><em>SVASAB<\/em><\/strong><\/a>!<\/p>\n","protected":false},"excerpt":{"rendered":"<p>Reklametelt til event og messer. Disse kaldes ogs\u00e5 pavilloner eller partytelte. V\u00e6lg mellem tre st\u00f8rrelser: 3x3m, 4.5x3m og 6x3m. <strong>System og tag indg\u00e5r i prisen. V\u00e6gge og tilbeh\u00f8r bestilles separat nedenfor. <\/strong>Med eller uden print.<\/p>\n","protected":false},"featured_media":18694,"template":"","meta":{"_acf_changed":false},"product_brand":[],"product_cat":[372,356],"product_tag":[],"class_list":{"0":"post-18655","1":"product","2":"type-product","3":"status-publish","4":"has-post-thumbnail","6":"product_cat-display-skilteholdere-skiltestander","7":"product_cat-udendoersskilte-og-expo","8":"product_shipping_class-690kr","10":"first","11":"instock","12":"taxable","13":"shipping-taxable","14":"purchasable","15":"product-type-variable","16":"has-default-attributes"},"exclude_global_add_ons":[],"addons":[],"acf":[],"yoast_head":"<!-- This site is optimized with the Yoast SEO plugin v27.2 - https:\/\/yoast.com\/product\/yoast-seo-wordpress\/ -->\n<title>Reklametelt, pavilion eller partytelte med tryk til event &amp; messe| Gdirekt.se<\/title>\n<meta name=\"description\" content=\"Du kan k\u00f8be reklametelte til messer &amp; events billigt hos os. V\u00e6lg med eller uden tryk. Tag er inkluderet i billigprisen samt trykte teltv\u00e6gge.\" \/>\n<meta name=\"robots\" content=\"index, follow, max-snippet:-1, max-image-preview:large, max-video-preview:-1\" \/>\n<link rel=\"canonical\" href=\"https:\/\/www.gdirekt.se\/da\/produkt\/reklametelt\/\" \/>\n<meta property=\"og:locale\" content=\"da_DK\" \/>\n<meta property=\"og:type\" content=\"article\" \/>\n<meta property=\"og:title\" content=\"Reklametelt, pavilion eller partytelte med tryk til event &amp; messe| Gdirekt.se\" \/>\n<meta property=\"og:description\" content=\"Du kan k\u00f8be reklametelte til messer &amp; events billigt hos os. V\u00e6lg med eller uden tryk. Tag er inkluderet i billigprisen samt trykte teltv\u00e6gge.\" \/>\n<meta property=\"og:url\" content=\"https:\/\/www.gdirekt.se\/da\/produkt\/reklametelt\/\" \/>\n<meta property=\"og:site_name\" content=\"Gdirekt.se\" \/>\n<meta property=\"article:modified_time\" content=\"2023-01-20T08:53:02+00:00\" \/>\n<meta property=\"og:image\" content=\"https:\/\/www.gdirekt.se\/wp-content\/uploads\/reklamta\u0308lt.png\" \/>\n\t<meta property=\"og:image:width\" content=\"1000\" \/>\n\t<meta property=\"og:image:height\" content=\"1000\" \/>\n\t<meta property=\"og:image:type\" content=\"image\/png\" \/>\n<meta name=\"twitter:card\" content=\"summary_large_image\" \/>\n<meta name=\"twitter:label1\" content=\"Estimeret l\u00e6setid\" \/>\n\t<meta name=\"twitter:data1\" content=\"2 minutter\" \/>\n<script type=\"application\/ld+json\" class=\"yoast-schema-graph\">{\"@context\":\"https:\/\/schema.org\",\"@graph\":[{\"@type\":\"WebPage\",\"@id\":\"https:\/\/www.gdirekt.se\/da\/produkt\/reklametelt\/\",\"url\":\"https:\/\/www.gdirekt.se\/da\/produkt\/reklametelt\/\",\"name\":\"Reklametelt, pavilion eller partytelte med tryk til event & messe| Gdirekt.se\",\"isPartOf\":{\"@id\":\"https:\/\/www.gdirekt.se\/#website\"},\"primaryImageOfPage\":{\"@id\":\"https:\/\/www.gdirekt.se\/da\/produkt\/reklametelt\/#primaryimage\"},\"image\":{\"@id\":\"https:\/\/www.gdirekt.se\/da\/produkt\/reklametelt\/#primaryimage\"},\"thumbnailUrl\":\"https:\/\/www.gdirekt.se\/wp-content\/uploads\/reklamta\u0308lt.png\",\"datePublished\":\"2023-01-17T07:20:47+00:00\",\"dateModified\":\"2023-01-20T08:53:02+00:00\",\"description\":\"Du kan k\u00f8be reklametelte til messer & events billigt hos os. V\u00e6lg med eller uden tryk. Tag er inkluderet i billigprisen samt trykte teltv\u00e6gge.\",\"breadcrumb\":{\"@id\":\"https:\/\/www.gdirekt.se\/da\/produkt\/reklametelt\/#breadcrumb\"},\"inLanguage\":\"da-DK\",\"potentialAction\":[{\"@type\":\"ReadAction\",\"target\":[\"https:\/\/www.gdirekt.se\/da\/produkt\/reklametelt\/\"]}]},{\"@type\":\"ImageObject\",\"inLanguage\":\"da-DK\",\"@id\":\"https:\/\/www.gdirekt.se\/da\/produkt\/reklametelt\/#primaryimage\",\"url\":\"https:\/\/www.gdirekt.se\/wp-content\/uploads\/reklamta\u0308lt.png\",\"contentUrl\":\"https:\/\/www.gdirekt.se\/wp-content\/uploads\/reklamta\u0308lt.png\",\"width\":1000,\"height\":1000,\"caption\":\"Reklametelt til arrangementer og messer!\"},{\"@type\":\"BreadcrumbList\",\"@id\":\"https:\/\/www.gdirekt.se\/da\/produkt\/reklametelt\/#breadcrumb\",\"itemListElement\":[{\"@type\":\"ListItem\",\"position\":1,\"name\":\"Hem\",\"item\":\"https:\/\/www.gdirekt.se\/da\/\"},{\"@type\":\"ListItem\",\"position\":2,\"name\":\"Start\",\"item\":\"https:\/\/www.gdirekt.se\/da\/\"},{\"@type\":\"ListItem\",\"position\":3,\"name\":\"Reklametelt\"}]},{\"@type\":\"WebSite\",\"@id\":\"https:\/\/www.gdirekt.se\/#website\",\"url\":\"https:\/\/www.gdirekt.se\/\",\"name\":\"Gdirekt.se\",\"description\":\"Tryck snabbt \u00e5 l\u00e4tt = Gdirekt\",\"potentialAction\":[{\"@type\":\"SearchAction\",\"target\":{\"@type\":\"EntryPoint\",\"urlTemplate\":\"https:\/\/www.gdirekt.se\/?s={search_term_string}\"},\"query-input\":{\"@type\":\"PropertyValueSpecification\",\"valueRequired\":true,\"valueName\":\"search_term_string\"}}],\"inLanguage\":\"da-DK\"}]}<\/script>\n<!-- \/ Yoast SEO plugin. -->","yoast_head_json":{"title":"Reklametelt, pavilion eller partytelte med tryk til event & messe| Gdirekt.se","description":"Du kan k\u00f8be reklametelte til messer & events billigt hos os. V\u00e6lg med eller uden tryk. Tag er inkluderet i billigprisen samt trykte teltv\u00e6gge.","robots":{"index":"index","follow":"follow","max-snippet":"max-snippet:-1","max-image-preview":"max-image-preview:large","max-video-preview":"max-video-preview:-1"},"canonical":"https:\/\/www.gdirekt.se\/da\/produkt\/reklametelt\/","og_locale":"da_DK","og_type":"article","og_title":"Reklametelt, pavilion eller partytelte med tryk til event & messe| Gdirekt.se","og_description":"Du kan k\u00f8be reklametelte til messer & events billigt hos os. V\u00e6lg med eller uden tryk. Tag er inkluderet i billigprisen samt trykte teltv\u00e6gge.","og_url":"https:\/\/www.gdirekt.se\/da\/produkt\/reklametelt\/","og_site_name":"Gdirekt.se","article_modified_time":"2023-01-20T08:53:02+00:00","og_image":[{"width":1000,"height":1000,"url":"https:\/\/www.gdirekt.se\/wp-content\/uploads\/reklamta\u0308lt.png","type":"image\/png"}],"twitter_card":"summary_large_image","twitter_misc":{"Estimeret l\u00e6setid":"2 minutter"},"schema":{"@context":"https:\/\/schema.org","@graph":[{"@type":"WebPage","@id":"https:\/\/www.gdirekt.se\/da\/produkt\/reklametelt\/","url":"https:\/\/www.gdirekt.se\/da\/produkt\/reklametelt\/","name":"Reklametelt, pavilion eller partytelte med tryk til event & messe| Gdirekt.se","isPartOf":{"@id":"https:\/\/www.gdirekt.se\/#website"},"primaryImageOfPage":{"@id":"https:\/\/www.gdirekt.se\/da\/produkt\/reklametelt\/#primaryimage"},"image":{"@id":"https:\/\/www.gdirekt.se\/da\/produkt\/reklametelt\/#primaryimage"},"thumbnailUrl":"https:\/\/www.gdirekt.se\/wp-content\/uploads\/reklamta\u0308lt.png","datePublished":"2023-01-17T07:20:47+00:00","dateModified":"2023-01-20T08:53:02+00:00","description":"Du kan k\u00f8be reklametelte til messer & events billigt hos os. V\u00e6lg med eller uden tryk. Tag er inkluderet i billigprisen samt trykte teltv\u00e6gge.","breadcrumb":{"@id":"https:\/\/www.gdirekt.se\/da\/produkt\/reklametelt\/#breadcrumb"},"inLanguage":"da-DK","potentialAction":[{"@type":"ReadAction","target":["https:\/\/www.gdirekt.se\/da\/produkt\/reklametelt\/"]}]},{"@type":"ImageObject","inLanguage":"da-DK","@id":"https:\/\/www.gdirekt.se\/da\/produkt\/reklametelt\/#primaryimage","url":"https:\/\/www.gdirekt.se\/wp-content\/uploads\/reklamta\u0308lt.png","contentUrl":"https:\/\/www.gdirekt.se\/wp-content\/uploads\/reklamta\u0308lt.png","width":1000,"height":1000,"caption":"Reklametelt til arrangementer og messer!"},{"@type":"BreadcrumbList","@id":"https:\/\/www.gdirekt.se\/da\/produkt\/reklametelt\/#breadcrumb","itemListElement":[{"@type":"ListItem","position":1,"name":"Hem","item":"https:\/\/www.gdirekt.se\/da\/"},{"@type":"ListItem","position":2,"name":"Start","item":"https:\/\/www.gdirekt.se\/da\/"},{"@type":"ListItem","position":3,"name":"Reklametelt"}]},{"@type":"WebSite","@id":"https:\/\/www.gdirekt.se\/#website","url":"https:\/\/www.gdirekt.se\/","name":"Gdirekt.se","description":"Tryck snabbt \u00e5 l\u00e4tt = Gdirekt","potentialAction":[{"@type":"SearchAction","target":{"@type":"EntryPoint","urlTemplate":"https:\/\/www.gdirekt.se\/?s={search_term_string}"},"query-input":{"@type":"PropertyValueSpecification","valueRequired":true,"valueName":"search_term_string"}}],"inLanguage":"da-DK"}]}},"_links":{"self":[{"href":"https:\/\/www.gdirekt.se\/da\/wp-json\/wp\/v2\/product\/18655","targetHints":{"allow":["GET"]}}],"collection":[{"href":"https:\/\/www.gdirekt.se\/da\/wp-json\/wp\/v2\/product"}],"about":[{"href":"https:\/\/www.gdirekt.se\/da\/wp-json\/wp\/v2\/types\/product"}],"wp:featuredmedia":[{"embeddable":true,"href":"https:\/\/www.gdirekt.se\/da\/wp-json\/wp\/v2\/media\/18694"}],"wp:attachment":[{"href":"https:\/\/www.gdirekt.se\/da\/wp-json\/wp\/v2\/media?parent=18655"}],"wp:term":[{"taxonomy":"product_brand","embeddable":true,"href":"https:\/\/www.gdirekt.se\/da\/wp-json\/wp\/v2\/product_brand?post=18655"},{"taxonomy":"product_cat","embeddable":true,"href":"https:\/\/www.gdirekt.se\/da\/wp-json\/wp\/v2\/product_cat?post=18655"},{"taxonomy":"product_tag","embeddable":true,"href":"https:\/\/www.gdirekt.se\/da\/wp-json\/wp\/v2\/product_tag?post=18655"}],"curies":[{"name":"wp","href":"https:\/\/api.w.org\/{rel}","templated":true}]}}